{"id":3629,"date":"2023-12-13T12:12:07","date_gmt":"2023-12-13T11:12:07","guid":{"rendered":"https:\/\/www.turismocampdeturia.es\/turis\/?page_id=3629"},"modified":"2024-07-04T02:05:57","modified_gmt":"2024-07-04T00:05:57","slug":"fiestas-agosto-asuncion","status":"publish","type":"page","link":"https:\/\/www.turismocampdeturia.es\/turis\/olocau\/olocau-camp-essencies\/fiestas-agosto-asuncion\/","title":{"rendered":"Fiestas de agosto a la Asunci\u00f3n y San Roque"},"content":{"rendered":"\n<figure class=\"wp-block-image alignfull size-full\"><img decoding=\"async\" width=\"1920\" height=\"817\" data-src=\"https:\/\/www.turismocampdeturia.es\/turis\/wp-content\/uploads\/2023\/12\/Olocau10FiestasAgosto1.jpg\" alt=\"\" class=\"wp-image-3400 lazyload\" data-srcset=\"https:\/\/www.turismocampdeturia.es\/turis\/wp-content\/uploads\/2023\/12\/Olocau10FiestasAgosto1.jpg 1920w, https:\/\/www.turismocampdeturia.es\/turis\/wp-content\/uploads\/2023\/12\/Olocau10FiestasAgosto1-300x128.jpg 300w, https:\/\/www.turismocampdeturia.es\/turis\/wp-content\/uploads\/2023\/12\/Olocau10FiestasAgosto1-768x327.jpg 768w, https:\/\/www.turismocampdeturia.es\/turis\/wp-content\/uploads\/2023\/12\/Olocau10FiestasAgosto1-1536x654.jpg 1536w, https:\/\/www.turismocampdeturia.es\/turis\/wp-content\/uploads\/2023\/12\/Olocau10FiestasAgosto1-24x10.jpg 24w, https:\/\/www.turismocampdeturia.es\/turis\/wp-content\/uploads\/2023\/12\/Olocau10FiestasAgosto1-48x20.jpg 48w, https:\/\/www.turismocampdeturia.es\/turis\/wp-content\/uploads\/2023\/12\/Olocau10FiestasAgosto1-60x26.jpg 60w\" data-sizes=\"(max-width: 1920px) 100vw, 1920px\" src=\"data:image\/svg+xml;base64,PHN2ZyB3aWR0aD0iMSIgaGVpZ2h0PSIxIiB4bWxucz0iaHR0cDovL3d3dy53My5vcmcvMjAwMC9zdmciPjwvc3ZnPg==\" style=\"--smush-placeholder-width: 1920px; --smush-placeholder-aspect-ratio: 1920\/817;\" \/><\/figure>\n\n\n\n<div style=\"height:16px\" aria-hidden=\"true\" class=\"wp-block-spacer\"><\/div>\n\n\n\n<h1 class=\"wp-block-heading\" style=\"font-size:50px\"><strong><strong>Fiestas <\/strong>de agosto<strong> a la Asunci\u00f3n y San Roque<\/strong><\/strong><\/h1>\n\n\n\n<p style=\"font-size:30px\">agosto<\/p>\n\n\n\n<div class=\"wp-block-media-text is-stacked-on-mobile is-vertically-aligned-top has-black-color has-text-color has-link-color wp-elements-9798277f5b5e366f4bd440a3081a19f5\" style=\"grid-template-columns:45% auto\"><figure class=\"wp-block-media-text__media\"><img decoding=\"async\" width=\"786\" height=\"1024\" data-src=\"https:\/\/www.turismocampdeturia.es\/turis\/wp-content\/uploads\/2023\/12\/Olocau10FiestasAgosto2-786x1024.jpg\" alt=\"\" class=\"wp-image-3401 size-full lazyload\" data-srcset=\"https:\/\/www.turismocampdeturia.es\/turis\/wp-content\/uploads\/2023\/12\/Olocau10FiestasAgosto2-786x1024.jpg 786w, https:\/\/www.turismocampdeturia.es\/turis\/wp-content\/uploads\/2023\/12\/Olocau10FiestasAgosto2-230x300.jpg 230w, https:\/\/www.turismocampdeturia.es\/turis\/wp-content\/uploads\/2023\/12\/Olocau10FiestasAgosto2-768x1000.jpg 768w, https:\/\/www.turismocampdeturia.es\/turis\/wp-content\/uploads\/2023\/12\/Olocau10FiestasAgosto2-18x24.jpg 18w, https:\/\/www.turismocampdeturia.es\/turis\/wp-content\/uploads\/2023\/12\/Olocau10FiestasAgosto2-37x48.jpg 37w, https:\/\/www.turismocampdeturia.es\/turis\/wp-content\/uploads\/2023\/12\/Olocau10FiestasAgosto2-46x60.jpg 46w, https:\/\/www.turismocampdeturia.es\/turis\/wp-content\/uploads\/2023\/12\/Olocau10FiestasAgosto2.jpg 869w\" data-sizes=\"(max-width: 786px) 100vw, 786px\" src=\"data:image\/svg+xml;base64,PHN2ZyB3aWR0aD0iMSIgaGVpZ2h0PSIxIiB4bWxucz0iaHR0cDovL3d3dy53My5vcmcvMjAwMC9zdmciPjwvc3ZnPg==\" style=\"--smush-placeholder-width: 786px; --smush-placeholder-aspect-ratio: 786\/1024;\" \/><\/figure><div class=\"wp-block-media-text__content\">\n<h4>Son una oportunidad \u00fanica para conectar con las tradiciones ancestrales del municipio. Se celebran las primeras semanas de agosto, siendo los d\u00edas m\u00e1s devotos el 15 y el 16. Durante estas festividades hay actividades para todos los p\u00fablicos, un buen momento para disfrutar con la familia y los amigos. Las fiestas se inician con la cena de pa i porta, una cena que re\u00fane a todo el pueblo en la calle Mayor. Un papel destacado lo tiene el deporte, con la realizaci\u00f3n de un torneo de f\u00fatbol, un torneo de p\u00e1del y la carrera popular Volta a Peu. Y para los m\u00e1s peque\u00f1os el cine infantil o los juegos de madera tradicionales.<\/h4>\n<h4>\u00a0<\/h4>\n<\/div><\/div>\n\n\n\n<div style=\"height:15px\" aria-hidden=\"true\" class=\"wp-block-spacer\"><\/div>\n\n\n\n<div class=\"wp-block-cover alignwide\" style=\"min-height:182px;aspect-ratio:unset;\"><span aria-hidden=\"true\" class=\"wp-block-cover__background has-background-dim-100 has-background-dim\" style=\"background-color:#014441\"><\/span><div class=\"wp-block-cover__inner-container is-layout-constrained wp-block-cover-is-layout-constrained\">\n<div class=\"wp-block-columns is-layout-flex wp-container-core-columns-is-layout-9d6595d7 wp-block-columns-is-layout-flex\">\n<div class=\"wp-block-column is-layout-flow wp-block-column-is-layout-flow\">\n<figure class=\"wp-block-image size-full is-resized\"><img decoding=\"async\" width=\"566\" height=\"264\" data-src=\"https:\/\/www.turismocampdeturia.es\/turis\/wp-content\/uploads\/2023\/11\/botgaleria.png\" alt=\"\" class=\"wp-image-184 lazyload\" style=\"--smush-placeholder-width: 566px; --smush-placeholder-aspect-ratio: 566\/264;width:auto;height:80px\" data-srcset=\"https:\/\/www.turismocampdeturia.es\/turis\/wp-content\/uploads\/2023\/11\/botgaleria.png 566w, https:\/\/www.turismocampdeturia.es\/turis\/wp-content\/uploads\/2023\/11\/botgaleria-300x140.png 300w, https:\/\/www.turismocampdeturia.es\/turis\/wp-content\/uploads\/2023\/11\/botgaleria-24x11.png 24w, https:\/\/www.turismocampdeturia.es\/turis\/wp-content\/uploads\/2023\/11\/botgaleria-48x22.png 48w, https:\/\/www.turismocampdeturia.es\/turis\/wp-content\/uploads\/2023\/11\/botgaleria-60x28.png 60w\" data-sizes=\"(max-width: 566px) 100vw, 566px\" src=\"data:image\/svg+xml;base64,PHN2ZyB3aWR0aD0iMSIgaGVpZ2h0PSIxIiB4bWxucz0iaHR0cDovL3d3dy53My5vcmcvMjAwMC9zdmciPjwvc3ZnPg==\" \/><\/figure>\n<\/div>\n\n\n\n<div class=\"wp-block-column is-layout-flow wp-block-column-is-layout-flow\">\n<figure class=\"wp-block-image size-full is-resized wp-duotone-333-ccc-1\"><img decoding=\"async\" width=\"484\" height=\"264\" data-src=\"https:\/\/www.turismocampdeturia.es\/turis\/wp-content\/uploads\/2023\/11\/bothorario.png\" alt=\"\" class=\"wp-image-185 lazyload\" style=\"--smush-placeholder-width: 484px; --smush-placeholder-aspect-ratio: 484\/264;width:auto;height:80px\" data-srcset=\"https:\/\/www.turismocampdeturia.es\/turis\/wp-content\/uploads\/2023\/11\/bothorario.png 484w, https:\/\/www.turismocampdeturia.es\/turis\/wp-content\/uploads\/2023\/11\/bothorario-300x164.png 300w, https:\/\/www.turismocampdeturia.es\/turis\/wp-content\/uploads\/2023\/11\/bothorario-24x13.png 24w, https:\/\/www.turismocampdeturia.es\/turis\/wp-content\/uploads\/2023\/11\/bothorario-48x26.png 48w, https:\/\/www.turismocampdeturia.es\/turis\/wp-content\/uploads\/2023\/11\/bothorario-60x33.png 60w\" data-sizes=\"(max-width: 484px) 100vw, 484px\" src=\"data:image\/svg+xml;base64,PHN2ZyB3aWR0aD0iMSIgaGVpZ2h0PSIxIiB4bWxucz0iaHR0cDovL3d3dy53My5vcmcvMjAwMC9zdmciPjwvc3ZnPg==\" \/><\/figure>\n<\/div>\n\n\n\n<div class=\"wp-block-column is-layout-flow wp-block-column-is-layout-flow\">\n<figure class=\"wp-block-image size-full is-resized wp-duotone-rgb515151-ccc-2\"><a href=\"#horario\"><img decoding=\"async\" width=\"600\" height=\"264\" data-src=\"https:\/\/www.turismocampdeturia.es\/turis\/wp-content\/uploads\/2023\/11\/bothorario-1.png\" alt=\"\" class=\"wp-image-190 lazyload\" style=\"--smush-placeholder-width: 600px; --smush-placeholder-aspect-ratio: 600\/264;width:182px;height:auto\" data-srcset=\"https:\/\/www.turismocampdeturia.es\/turis\/wp-content\/uploads\/2023\/11\/bothorario-1.png 600w, https:\/\/www.turismocampdeturia.es\/turis\/wp-content\/uploads\/2023\/11\/bothorario-1-300x132.png 300w, https:\/\/www.turismocampdeturia.es\/turis\/wp-content\/uploads\/2023\/11\/bothorario-1-24x11.png 24w, https:\/\/www.turismocampdeturia.es\/turis\/wp-content\/uploads\/2023\/11\/bothorario-1-48x21.png 48w, https:\/\/www.turismocampdeturia.es\/turis\/wp-content\/uploads\/2023\/11\/bothorario-1-60x26.png 60w\" data-sizes=\"(max-width: 600px) 100vw, 600px\" src=\"data:image\/svg+xml;base64,PHN2ZyB3aWR0aD0iMSIgaGVpZ2h0PSIxIiB4bWxucz0iaHR0cDovL3d3dy53My5vcmcvMjAwMC9zdmciPjwvc3ZnPg==\" \/><\/a><\/figure>\n<\/div>\n\n\n\n<div class=\"wp-block-column is-layout-flow wp-block-column-is-layout-flow\">\n<figure class=\"wp-block-image size-full is-resized wp-duotone-rgb484848-ccc-3\"><a href=\"#mapa\"><img decoding=\"async\" width=\"788\" height=\"284\" data-src=\"https:\/\/www.turismocampdeturia.es\/turis\/wp-content\/uploads\/2023\/11\/botcomollegar.png\" alt=\"\" class=\"wp-image-186 lazyload\" style=\"--smush-placeholder-width: 788px; --smush-placeholder-aspect-ratio: 788\/284;width:auto;height:80px\" data-srcset=\"https:\/\/www.turismocampdeturia.es\/turis\/wp-content\/uploads\/2023\/11\/botcomollegar.png 788w, https:\/\/www.turismocampdeturia.es\/turis\/wp-content\/uploads\/2023\/11\/botcomollegar-300x108.png 300w, https:\/\/www.turismocampdeturia.es\/turis\/wp-content\/uploads\/2023\/11\/botcomollegar-768x277.png 768w, https:\/\/www.turismocampdeturia.es\/turis\/wp-content\/uploads\/2023\/11\/botcomollegar-24x9.png 24w, https:\/\/www.turismocampdeturia.es\/turis\/wp-content\/uploads\/2023\/11\/botcomollegar-48x17.png 48w, https:\/\/www.turismocampdeturia.es\/turis\/wp-content\/uploads\/2023\/11\/botcomollegar-60x22.png 60w\" data-sizes=\"(max-width: 788px) 100vw, 788px\" src=\"data:image\/svg+xml;base64,PHN2ZyB3aWR0aD0iMSIgaGVpZ2h0PSIxIiB4bWxucz0iaHR0cDovL3d3dy53My5vcmcvMjAwMC9zdmciPjwvc3ZnPg==\" \/><\/a><\/figure>\n<\/div>\n<\/div>\n<\/div><\/div>\n\n\n\n<div style=\"height:36px\" aria-hidden=\"true\" class=\"wp-block-spacer\"><\/div>\n\n\n\n<figure class=\"wp-block-gallery has-nested-images columns-default is-cropped wp-block-gallery-4 is-layout-flex wp-block-gallery-is-layout-flex\">\n<figure class=\"wp-block-image size-large\"><a href=\"https:\/\/www.turismocampdeturia.es\/turis\/?attachment_id=3535\"><img decoding=\"async\" width=\"1365\" height=\"1024\" data-id=\"3535\" data-src=\"https:\/\/www.turismocampdeturia.es\/turis\/wp-content\/uploads\/2023\/12\/Olocau10FiestasAgostoG01-1365x1024.jpg\" alt=\"\" class=\"wp-image-3535 lazyload\" data-srcset=\"https:\/\/www.turismocampdeturia.es\/turis\/wp-content\/uploads\/2023\/12\/Olocau10FiestasAgostoG01-1365x1024.jpg 1365w, https:\/\/www.turismocampdeturia.es\/turis\/wp-content\/uploads\/2023\/12\/Olocau10FiestasAgostoG01-300x225.jpg 300w, https:\/\/www.turismocampdeturia.es\/turis\/wp-content\/uploads\/2023\/12\/Olocau10FiestasAgostoG01-768x576.jpg 768w, https:\/\/www.turismocampdeturia.es\/turis\/wp-content\/uploads\/2023\/12\/Olocau10FiestasAgostoG01-1536x1152.jpg 1536w, https:\/\/www.turismocampdeturia.es\/turis\/wp-content\/uploads\/2023\/12\/Olocau10FiestasAgostoG01-24x18.jpg 24w, https:\/\/www.turismocampdeturia.es\/turis\/wp-content\/uploads\/2023\/12\/Olocau10FiestasAgostoG01-48x36.jpg 48w, https:\/\/www.turismocampdeturia.es\/turis\/wp-content\/uploads\/2023\/12\/Olocau10FiestasAgostoG01-60x45.jpg 60w, https:\/\/www.turismocampdeturia.es\/turis\/wp-content\/uploads\/2023\/12\/Olocau10FiestasAgostoG01.jpg 1920w\" data-sizes=\"(max-width: 1365px) 100vw, 1365px\" src=\"data:image\/svg+xml;base64,PHN2ZyB3aWR0aD0iMSIgaGVpZ2h0PSIxIiB4bWxucz0iaHR0cDovL3d3dy53My5vcmcvMjAwMC9zdmciPjwvc3ZnPg==\" style=\"--smush-placeholder-width: 1365px; --smush-placeholder-aspect-ratio: 1365\/1024;\" \/><\/a><\/figure>\n\n\n\n<figure class=\"wp-block-image size-large\"><a href=\"https:\/\/www.turismocampdeturia.es\/turis\/?attachment_id=3536\"><img decoding=\"async\" width=\"1365\" height=\"1024\" data-id=\"3536\" data-src=\"https:\/\/www.turismocampdeturia.es\/turis\/wp-content\/uploads\/2023\/12\/Olocau10FiestasAgostoG02-1365x1024.jpg\" alt=\"\" class=\"wp-image-3536 lazyload\" data-srcset=\"https:\/\/www.turismocampdeturia.es\/turis\/wp-content\/uploads\/2023\/12\/Olocau10FiestasAgostoG02-1365x1024.jpg 1365w, https:\/\/www.turismocampdeturia.es\/turis\/wp-content\/uploads\/2023\/12\/Olocau10FiestasAgostoG02-300x225.jpg 300w, https:\/\/www.turismocampdeturia.es\/turis\/wp-content\/uploads\/2023\/12\/Olocau10FiestasAgostoG02-768x576.jpg 768w, https:\/\/www.turismocampdeturia.es\/turis\/wp-content\/uploads\/2023\/12\/Olocau10FiestasAgostoG02-1536x1152.jpg 1536w, https:\/\/www.turismocampdeturia.es\/turis\/wp-content\/uploads\/2023\/12\/Olocau10FiestasAgostoG02-24x18.jpg 24w, https:\/\/www.turismocampdeturia.es\/turis\/wp-content\/uploads\/2023\/12\/Olocau10FiestasAgostoG02-48x36.jpg 48w, https:\/\/www.turismocampdeturia.es\/turis\/wp-content\/uploads\/2023\/12\/Olocau10FiestasAgostoG02-60x45.jpg 60w, https:\/\/www.turismocampdeturia.es\/turis\/wp-content\/uploads\/2023\/12\/Olocau10FiestasAgostoG02.jpg 1600w\" data-sizes=\"(max-width: 1365px) 100vw, 1365px\" src=\"data:image\/svg+xml;base64,PHN2ZyB3aWR0aD0iMSIgaGVpZ2h0PSIxIiB4bWxucz0iaHR0cDovL3d3dy53My5vcmcvMjAwMC9zdmciPjwvc3ZnPg==\" style=\"--smush-placeholder-width: 1365px; --smush-placeholder-aspect-ratio: 1365\/1024;\" \/><\/a><\/figure>\n\n\n\n<figure class=\"wp-block-image size-large\"><a href=\"https:\/\/www.turismocampdeturia.es\/turis\/?attachment_id=3534\"><img decoding=\"async\" width=\"1365\" height=\"1024\" data-id=\"3534\" data-src=\"https:\/\/www.turismocampdeturia.es\/turis\/wp-content\/uploads\/2023\/12\/Olocau10FiestasAgostoG03-1365x1024.jpg\" alt=\"\" class=\"wp-image-3534 lazyload\" data-srcset=\"https:\/\/www.turismocampdeturia.es\/turis\/wp-content\/uploads\/2023\/12\/Olocau10FiestasAgostoG03-1365x1024.jpg 1365w, https:\/\/www.turismocampdeturia.es\/turis\/wp-content\/uploads\/2023\/12\/Olocau10FiestasAgostoG03-300x225.jpg 300w, https:\/\/www.turismocampdeturia.es\/turis\/wp-content\/uploads\/2023\/12\/Olocau10FiestasAgostoG03-768x576.jpg 768w, https:\/\/www.turismocampdeturia.es\/turis\/wp-content\/uploads\/2023\/12\/Olocau10FiestasAgostoG03-1536x1152.jpg 1536w, https:\/\/www.turismocampdeturia.es\/turis\/wp-content\/uploads\/2023\/12\/Olocau10FiestasAgostoG03-24x18.jpg 24w, https:\/\/www.turismocampdeturia.es\/turis\/wp-content\/uploads\/2023\/12\/Olocau10FiestasAgostoG03-48x36.jpg 48w, https:\/\/www.turismocampdeturia.es\/turis\/wp-content\/uploads\/2023\/12\/Olocau10FiestasAgostoG03-60x45.jpg 60w, https:\/\/www.turismocampdeturia.es\/turis\/wp-content\/uploads\/2023\/12\/Olocau10FiestasAgostoG03.jpg 1920w\" data-sizes=\"(max-width: 1365px) 100vw, 1365px\" src=\"data:image\/svg+xml;base64,PHN2ZyB3aWR0aD0iMSIgaGVpZ2h0PSIxIiB4bWxucz0iaHR0cDovL3d3dy53My5vcmcvMjAwMC9zdmciPjwvc3ZnPg==\" style=\"--smush-placeholder-width: 1365px; --smush-placeholder-aspect-ratio: 1365\/1024;\" \/><\/a><\/figure>\n<\/figure>\n\n\n\n<div style=\"height:57px\" aria-hidden=\"true\" class=\"wp-block-spacer\"><\/div>\n\n\n\n<div style=\"height:35px\" aria-hidden=\"true\" class=\"wp-block-spacer\"><\/div>\n\n\n\n<div class=\"wp-block-columns is-layout-flex wp-container-core-columns-is-layout-9d6595d7 wp-block-columns-is-layout-flex\">\n<div class=\"wp-block-column is-layout-flow wp-block-column-is-layout-flow\">\n<figure class=\"wp-block-image size-full is-resized\"><img decoding=\"async\" width=\"800\" height=\"600\" data-src=\"https:\/\/www.turismocampdeturia.es\/turis\/wp-content\/uploads\/2023\/11\/logomini.png\" alt=\"\" class=\"wp-image-27 lazyload\" style=\"--smush-placeholder-width: 800px; --smush-placeholder-aspect-ratio: 800\/600;width:220px\" data-srcset=\"https:\/\/www.turismocampdeturia.es\/turis\/wp-content\/uploads\/2023\/11\/logomini.png 800w, https:\/\/www.turismocampdeturia.es\/turis\/wp-content\/uploads\/2023\/11\/logomini-300x225.png 300w, https:\/\/www.turismocampdeturia.es\/turis\/wp-content\/uploads\/2023\/11\/logomini-768x576.png 768w, https:\/\/www.turismocampdeturia.es\/turis\/wp-content\/uploads\/2023\/11\/logomini-24x18.png 24w, https:\/\/www.turismocampdeturia.es\/turis\/wp-content\/uploads\/2023\/11\/logomini-48x36.png 48w, https:\/\/www.turismocampdeturia.es\/turis\/wp-content\/uploads\/2023\/11\/logomini-60x45.png 60w\" data-sizes=\"(max-width: 800px) 100vw, 800px\" src=\"data:image\/svg+xml;base64,PHN2ZyB3aWR0aD0iMSIgaGVpZ2h0PSIxIiB4bWxucz0iaHR0cDovL3d3dy53My5vcmcvMjAwMC9zdmciPjwvc3ZnPg==\" \/><\/figure>\n<\/div>\n\n\n\n<div class=\"wp-block-column is-layout-flow wp-block-column-is-layout-flow\"><\/div>\n\n\n\n<div class=\"wp-block-column is-layout-flow wp-block-column-is-layout-flow\"><\/div>\n<\/div>\n","protected":false},"excerpt":{"rendered":"<p>Fiestas de agosto a la Asunci\u00f3n y San Roque agosto Son una oportunidad \u00fanica para conectar con las tradiciones ancestrales del municipio. Se celebran las primeras semanas de agosto, siendo los d\u00edas<a class=\"moretag\" href=\"https:\/\/www.turismocampdeturia.es\/turis\/olocau\/olocau-camp-essencies\/fiestas-agosto-asuncion\/\">Leer m\u00e1s&#8230;<\/a><\/p>\n","protected":false},"author":1,"featured_media":0,"parent":3591,"menu_order":13,"comment_status":"closed","ping_status":"closed","template":"","meta":{"footnotes":""},"class_list":["post-3629","page","type-page","status-publish","hentry"],"_links":{"self":[{"href":"https:\/\/www.turismocampdeturia.es\/turis\/wp-json\/wp\/v2\/pages\/3629","targetHints":{"allow":["GET"]}}],"collection":[{"href":"https:\/\/www.turismocampdeturia.es\/turis\/wp-json\/wp\/v2\/pages"}],"about":[{"href":"https:\/\/www.turismocampdeturia.es\/turis\/wp-json\/wp\/v2\/types\/page"}],"author":[{"embeddable":true,"href":"https:\/\/www.turismocampdeturia.es\/turis\/wp-json\/wp\/v2\/users\/1"}],"replies":[{"embeddable":true,"href":"https:\/\/www.turismocampdeturia.es\/turis\/wp-json\/wp\/v2\/comments?post=3629"}],"version-history":[{"count":4,"href":"https:\/\/www.turismocampdeturia.es\/turis\/wp-json\/wp\/v2\/pages\/3629\/revisions"}],"predecessor-version":[{"id":6657,"href":"https:\/\/www.turismocampdeturia.es\/turis\/wp-json\/wp\/v2\/pages\/3629\/revisions\/6657"}],"up":[{"embeddable":true,"href":"https:\/\/www.turismocampdeturia.es\/turis\/wp-json\/wp\/v2\/pages\/3591"}],"wp:attachment":[{"href":"https:\/\/www.turismocampdeturia.es\/turis\/wp-json\/wp\/v2\/media?parent=3629"}],"curies":[{"name":"wp","href":"https:\/\/api.w.org\/{rel}","templated":true}]}}