{"id":4697,"date":"2023-12-19T14:49:48","date_gmt":"2023-12-19T13:49:48","guid":{"rendered":"https:\/\/www.turismocampdeturia.es\/turis\/?page_id=4697"},"modified":"2024-07-04T01:47:36","modified_gmt":"2024-07-03T23:47:36","slug":"ofrenda-rio-turia","status":"publish","type":"page","link":"https:\/\/www.turismocampdeturia.es\/turis\/riba-roja\/camps-plantilla-2\/ofrenda-rio-turia\/","title":{"rendered":"Ofrenda al R\u00edo T\u00faria"},"content":{"rendered":"\n<figure class=\"wp-block-image alignfull size-full\"><img decoding=\"async\" width=\"1920\" height=\"817\" data-src=\"https:\/\/www.turismocampdeturia.es\/turis\/wp-content\/uploads\/2023\/12\/RibaRoja17OfrendaTuria1.jpg\" alt=\"\" class=\"wp-image-4397 lazyload\" data-srcset=\"https:\/\/www.turismocampdeturia.es\/turis\/wp-content\/uploads\/2023\/12\/RibaRoja17OfrendaTuria1.jpg 1920w, https:\/\/www.turismocampdeturia.es\/turis\/wp-content\/uploads\/2023\/12\/RibaRoja17OfrendaTuria1-300x128.jpg 300w, https:\/\/www.turismocampdeturia.es\/turis\/wp-content\/uploads\/2023\/12\/RibaRoja17OfrendaTuria1-768x327.jpg 768w, https:\/\/www.turismocampdeturia.es\/turis\/wp-content\/uploads\/2023\/12\/RibaRoja17OfrendaTuria1-1536x654.jpg 1536w, https:\/\/www.turismocampdeturia.es\/turis\/wp-content\/uploads\/2023\/12\/RibaRoja17OfrendaTuria1-24x10.jpg 24w, https:\/\/www.turismocampdeturia.es\/turis\/wp-content\/uploads\/2023\/12\/RibaRoja17OfrendaTuria1-48x20.jpg 48w, https:\/\/www.turismocampdeturia.es\/turis\/wp-content\/uploads\/2023\/12\/RibaRoja17OfrendaTuria1-60x26.jpg 60w\" data-sizes=\"(max-width: 1920px) 100vw, 1920px\" src=\"data:image\/svg+xml;base64,PHN2ZyB3aWR0aD0iMSIgaGVpZ2h0PSIxIiB4bWxucz0iaHR0cDovL3d3dy53My5vcmcvMjAwMC9zdmciPjwvc3ZnPg==\" style=\"--smush-placeholder-width: 1920px; --smush-placeholder-aspect-ratio: 1920\/817;\" \/><\/figure>\n\n\n\n<div style=\"height:16px\" aria-hidden=\"true\" class=\"wp-block-spacer\"><\/div>\n\n\n\n<h1 class=\"wp-block-heading\" style=\"font-size:55px\"><strong><strong>Ofrenda al R\u00edo T\u00faria<\/strong><\/strong><\/h1>\n\n\n\n<p style=\"font-size:30px\">cada 5 a\u00f1os &#8211; de Inter\u00e9s Tur\u00edstico Provincial<\/p>\n\n\n\n<div class=\"wp-block-media-text is-stacked-on-mobile is-vertically-aligned-top has-black-color has-text-color has-link-color wp-elements-f1c380cfa64729a91eca85bcd1a1609f\" style=\"grid-template-columns:45% auto\"><figure class=\"wp-block-media-text__media\"><img decoding=\"async\" width=\"786\" height=\"1024\" data-src=\"https:\/\/www.turismocampdeturia.es\/turis\/wp-content\/uploads\/2023\/12\/RibaRoja17OfrendaTuria2-786x1024.jpg\" alt=\"\" class=\"wp-image-4398 size-full lazyload\" data-srcset=\"https:\/\/www.turismocampdeturia.es\/turis\/wp-content\/uploads\/2023\/12\/RibaRoja17OfrendaTuria2-786x1024.jpg 786w, https:\/\/www.turismocampdeturia.es\/turis\/wp-content\/uploads\/2023\/12\/RibaRoja17OfrendaTuria2-230x300.jpg 230w, https:\/\/www.turismocampdeturia.es\/turis\/wp-content\/uploads\/2023\/12\/RibaRoja17OfrendaTuria2-768x1000.jpg 768w, https:\/\/www.turismocampdeturia.es\/turis\/wp-content\/uploads\/2023\/12\/RibaRoja17OfrendaTuria2-18x24.jpg 18w, https:\/\/www.turismocampdeturia.es\/turis\/wp-content\/uploads\/2023\/12\/RibaRoja17OfrendaTuria2-37x48.jpg 37w, https:\/\/www.turismocampdeturia.es\/turis\/wp-content\/uploads\/2023\/12\/RibaRoja17OfrendaTuria2-46x60.jpg 46w, https:\/\/www.turismocampdeturia.es\/turis\/wp-content\/uploads\/2023\/12\/RibaRoja17OfrendaTuria2.jpg 869w\" data-sizes=\"(max-width: 786px) 100vw, 786px\" src=\"data:image\/svg+xml;base64,PHN2ZyB3aWR0aD0iMSIgaGVpZ2h0PSIxIiB4bWxucz0iaHR0cDovL3d3dy53My5vcmcvMjAwMC9zdmciPjwvc3ZnPg==\" style=\"--smush-placeholder-width: 786px; --smush-placeholder-aspect-ratio: 786\/1024;\" \/><\/figure><div class=\"wp-block-media-text__content\">\n<h4>Cada cinco a\u00f1os Riba-roja del T\u00faria rinde homenaje al r\u00edo que le da nombre. Tres Comunidades Aut\u00f3nomas participan en este acto de Inter\u00e9s Tur\u00edstico Provincial, Comunidad de Arag\u00f3n, Castilla La Mancha y Comunidad Valenciana, todos los pueblos ribere\u00f1os desde su nacimiento hasta la desembocadura. Los diferentes actos se desarrollan durante una semana en el mes de Julio. Cabe destacar el Preg\u00f3, la Feria de los Pueblos, Encuentro de Bolilleras y la Ofrenda al r\u00edo Turia acto que culmina la celebraci\u00f3n.<\/h4>\n<h4>Una semana de emociones, en la que todos los pueblos ribere\u00f1os ofrendan sus productos t\u00edpicos y m\u00e1s tradicionales al padre T\u00faria, agua, frutas, verduras, versos, canciones, flores\u2026 colman de homenaje y reverencia al origen de nuestro municipio.<\/h4>\n<h4>El acto culmina con el descenso por el r\u00edo de los escudos de las tres Comunidades Aut\u00f3nomas realizados en flor natural.<\/h4>\n<h4>\u00a0<\/h4>\n<\/div><\/div>\n\n\n\n<div style=\"height:15px\" aria-hidden=\"true\" class=\"wp-block-spacer\"><\/div>\n\n\n\n<div class=\"wp-block-cover alignwide\" style=\"min-height:182px;aspect-ratio:unset;\"><span aria-hidden=\"true\" class=\"wp-block-cover__background has-background-dim-100 has-background-dim\" style=\"background-color:#014441\"><\/span><div class=\"wp-block-cover__inner-container is-layout-constrained wp-block-cover-is-layout-constrained\">\n<div class=\"wp-block-columns is-layout-flex wp-container-core-columns-is-layout-9d6595d7 wp-block-columns-is-layout-flex\">\n<div class=\"wp-block-column is-layout-flow wp-block-column-is-layout-flow\">\n<figure class=\"wp-block-image size-full is-resized\"><img decoding=\"async\" width=\"566\" height=\"264\" data-src=\"https:\/\/www.turismocampdeturia.es\/turis\/wp-content\/uploads\/2023\/11\/botgaleria.png\" alt=\"\" class=\"wp-image-184 lazyload\" style=\"--smush-placeholder-width: 566px; --smush-placeholder-aspect-ratio: 566\/264;width:auto;height:80px\" data-srcset=\"https:\/\/www.turismocampdeturia.es\/turis\/wp-content\/uploads\/2023\/11\/botgaleria.png 566w, https:\/\/www.turismocampdeturia.es\/turis\/wp-content\/uploads\/2023\/11\/botgaleria-300x140.png 300w, https:\/\/www.turismocampdeturia.es\/turis\/wp-content\/uploads\/2023\/11\/botgaleria-24x11.png 24w, https:\/\/www.turismocampdeturia.es\/turis\/wp-content\/uploads\/2023\/11\/botgaleria-48x22.png 48w, https:\/\/www.turismocampdeturia.es\/turis\/wp-content\/uploads\/2023\/11\/botgaleria-60x28.png 60w\" data-sizes=\"(max-width: 566px) 100vw, 566px\" src=\"data:image\/svg+xml;base64,PHN2ZyB3aWR0aD0iMSIgaGVpZ2h0PSIxIiB4bWxucz0iaHR0cDovL3d3dy53My5vcmcvMjAwMC9zdmciPjwvc3ZnPg==\" \/><\/figure>\n<\/div>\n\n\n\n<div class=\"wp-block-column is-layout-flow wp-block-column-is-layout-flow\">\n<figure class=\"wp-block-image size-full is-resized wp-duotone-rgb545454-ccc-1\"><img decoding=\"async\" width=\"484\" height=\"264\" data-src=\"https:\/\/www.turismocampdeturia.es\/turis\/wp-content\/uploads\/2023\/11\/bothorario.png\" alt=\"\" class=\"wp-image-185 lazyload\" style=\"--smush-placeholder-width: 484px; --smush-placeholder-aspect-ratio: 484\/264;width:auto;height:80px\" data-srcset=\"https:\/\/www.turismocampdeturia.es\/turis\/wp-content\/uploads\/2023\/11\/bothorario.png 484w, https:\/\/www.turismocampdeturia.es\/turis\/wp-content\/uploads\/2023\/11\/bothorario-300x164.png 300w, https:\/\/www.turismocampdeturia.es\/turis\/wp-content\/uploads\/2023\/11\/bothorario-24x13.png 24w, https:\/\/www.turismocampdeturia.es\/turis\/wp-content\/uploads\/2023\/11\/bothorario-48x26.png 48w, https:\/\/www.turismocampdeturia.es\/turis\/wp-content\/uploads\/2023\/11\/bothorario-60x33.png 60w\" data-sizes=\"(max-width: 484px) 100vw, 484px\" src=\"data:image\/svg+xml;base64,PHN2ZyB3aWR0aD0iMSIgaGVpZ2h0PSIxIiB4bWxucz0iaHR0cDovL3d3dy53My5vcmcvMjAwMC9zdmciPjwvc3ZnPg==\" \/><\/figure>\n<\/div>\n\n\n\n<div class=\"wp-block-column is-layout-flow wp-block-column-is-layout-flow\">\n<figure class=\"wp-block-image size-full is-resized wp-duotone-rgb545454-ccc-2\"><a href=\"#horario\"><img decoding=\"async\" width=\"600\" height=\"264\" data-src=\"https:\/\/www.turismocampdeturia.es\/turis\/wp-content\/uploads\/2023\/11\/bothorario-1.png\" alt=\"\" class=\"wp-image-190 lazyload\" style=\"--smush-placeholder-width: 600px; --smush-placeholder-aspect-ratio: 600\/264;width:auto;height:80px\" data-srcset=\"https:\/\/www.turismocampdeturia.es\/turis\/wp-content\/uploads\/2023\/11\/bothorario-1.png 600w, https:\/\/www.turismocampdeturia.es\/turis\/wp-content\/uploads\/2023\/11\/bothorario-1-300x132.png 300w, https:\/\/www.turismocampdeturia.es\/turis\/wp-content\/uploads\/2023\/11\/bothorario-1-24x11.png 24w, https:\/\/www.turismocampdeturia.es\/turis\/wp-content\/uploads\/2023\/11\/bothorario-1-48x21.png 48w, https:\/\/www.turismocampdeturia.es\/turis\/wp-content\/uploads\/2023\/11\/bothorario-1-60x26.png 60w\" data-sizes=\"(max-width: 600px) 100vw, 600px\" src=\"data:image\/svg+xml;base64,PHN2ZyB3aWR0aD0iMSIgaGVpZ2h0PSIxIiB4bWxucz0iaHR0cDovL3d3dy53My5vcmcvMjAwMC9zdmciPjwvc3ZnPg==\" \/><\/a><\/figure>\n<\/div>\n\n\n\n<div class=\"wp-block-column is-layout-flow wp-block-column-is-layout-flow\">\n<figure class=\"wp-block-image size-full is-resized wp-duotone-rgb515151-ccc-3\"><a href=\"#mapa\"><img decoding=\"async\" width=\"788\" height=\"284\" data-src=\"https:\/\/www.turismocampdeturia.es\/turis\/wp-content\/uploads\/2023\/11\/botcomollegar.png\" alt=\"\" class=\"wp-image-186 lazyload\" style=\"--smush-placeholder-width: 788px; --smush-placeholder-aspect-ratio: 788\/284;width:auto;height:80px\" data-srcset=\"https:\/\/www.turismocampdeturia.es\/turis\/wp-content\/uploads\/2023\/11\/botcomollegar.png 788w, https:\/\/www.turismocampdeturia.es\/turis\/wp-content\/uploads\/2023\/11\/botcomollegar-300x108.png 300w, https:\/\/www.turismocampdeturia.es\/turis\/wp-content\/uploads\/2023\/11\/botcomollegar-768x277.png 768w, https:\/\/www.turismocampdeturia.es\/turis\/wp-content\/uploads\/2023\/11\/botcomollegar-24x9.png 24w, https:\/\/www.turismocampdeturia.es\/turis\/wp-content\/uploads\/2023\/11\/botcomollegar-48x17.png 48w, https:\/\/www.turismocampdeturia.es\/turis\/wp-content\/uploads\/2023\/11\/botcomollegar-60x22.png 60w\" data-sizes=\"(max-width: 788px) 100vw, 788px\" src=\"data:image\/svg+xml;base64,PHN2ZyB3aWR0aD0iMSIgaGVpZ2h0PSIxIiB4bWxucz0iaHR0cDovL3d3dy53My5vcmcvMjAwMC9zdmciPjwvc3ZnPg==\" \/><\/a><\/figure>\n<\/div>\n<\/div>\n<\/div><\/div>\n\n\n\n<div style=\"height:36px\" aria-hidden=\"true\" class=\"wp-block-spacer\"><\/div>\n\n\n\n<figure class=\"wp-block-gallery has-nested-images columns-default is-cropped wp-block-gallery-4 is-layout-flex wp-block-gallery-is-layout-flex\">\n<figure class=\"wp-block-image size-large\"><a href=\"https:\/\/www.turismocampdeturia.es\/turis\/?attachment_id=4582\"><img decoding=\"async\" width=\"1820\" height=\"1024\" data-id=\"4582\" data-src=\"https:\/\/www.turismocampdeturia.es\/turis\/wp-content\/uploads\/2023\/12\/RibaRoja17OfrendaTuriaG01-1820x1024.jpg\" alt=\"\" class=\"wp-image-4582 lazyload\" data-srcset=\"https:\/\/www.turismocampdeturia.es\/turis\/wp-content\/uploads\/2023\/12\/RibaRoja17OfrendaTuriaG01-1820x1024.jpg 1820w, https:\/\/www.turismocampdeturia.es\/turis\/wp-content\/uploads\/2023\/12\/RibaRoja17OfrendaTuriaG01-300x169.jpg 300w, https:\/\/www.turismocampdeturia.es\/turis\/wp-content\/uploads\/2023\/12\/RibaRoja17OfrendaTuriaG01-768x432.jpg 768w, https:\/\/www.turismocampdeturia.es\/turis\/wp-content\/uploads\/2023\/12\/RibaRoja17OfrendaTuriaG01-1536x864.jpg 1536w, https:\/\/www.turismocampdeturia.es\/turis\/wp-content\/uploads\/2023\/12\/RibaRoja17OfrendaTuriaG01-24x14.jpg 24w, https:\/\/www.turismocampdeturia.es\/turis\/wp-content\/uploads\/2023\/12\/RibaRoja17OfrendaTuriaG01-48x27.jpg 48w, https:\/\/www.turismocampdeturia.es\/turis\/wp-content\/uploads\/2023\/12\/RibaRoja17OfrendaTuriaG01-60x34.jpg 60w, https:\/\/www.turismocampdeturia.es\/turis\/wp-content\/uploads\/2023\/12\/RibaRoja17OfrendaTuriaG01.jpg 1920w\" data-sizes=\"(max-width: 1820px) 100vw, 1820px\" src=\"data:image\/svg+xml;base64,PHN2ZyB3aWR0aD0iMSIgaGVpZ2h0PSIxIiB4bWxucz0iaHR0cDovL3d3dy53My5vcmcvMjAwMC9zdmciPjwvc3ZnPg==\" style=\"--smush-placeholder-width: 1820px; --smush-placeholder-aspect-ratio: 1820\/1024;\" \/><\/a><\/figure>\n<\/figure>\n\n\n\n<div style=\"height:57px\" aria-hidden=\"true\" class=\"wp-block-spacer\"><\/div>\n\n\n\n<div class=\"wp-block-columns is-layout-flex wp-container-core-columns-is-layout-9d6595d7 wp-block-columns-is-layout-flex\">\n<div class=\"wp-block-column is-layout-flow wp-block-column-is-layout-flow\">\n<figure class=\"wp-block-image size-full is-resized\"><img decoding=\"async\" width=\"800\" height=\"600\" data-src=\"https:\/\/www.turismocampdeturia.es\/turis\/wp-content\/uploads\/2023\/11\/logomini.png\" alt=\"\" class=\"wp-image-27 lazyload\" style=\"--smush-placeholder-width: 800px; --smush-placeholder-aspect-ratio: 800\/600;width:220px\" data-srcset=\"https:\/\/www.turismocampdeturia.es\/turis\/wp-content\/uploads\/2023\/11\/logomini.png 800w, https:\/\/www.turismocampdeturia.es\/turis\/wp-content\/uploads\/2023\/11\/logomini-300x225.png 300w, https:\/\/www.turismocampdeturia.es\/turis\/wp-content\/uploads\/2023\/11\/logomini-768x576.png 768w, https:\/\/www.turismocampdeturia.es\/turis\/wp-content\/uploads\/2023\/11\/logomini-24x18.png 24w, https:\/\/www.turismocampdeturia.es\/turis\/wp-content\/uploads\/2023\/11\/logomini-48x36.png 48w, https:\/\/www.turismocampdeturia.es\/turis\/wp-content\/uploads\/2023\/11\/logomini-60x45.png 60w\" data-sizes=\"(max-width: 800px) 100vw, 800px\" src=\"data:image\/svg+xml;base64,PHN2ZyB3aWR0aD0iMSIgaGVpZ2h0PSIxIiB4bWxucz0iaHR0cDovL3d3dy53My5vcmcvMjAwMC9zdmciPjwvc3ZnPg==\" \/><\/figure>\n<\/div>\n\n\n\n<div class=\"wp-block-column is-layout-flow wp-block-column-is-layout-flow\"><\/div>\n\n\n\n<div class=\"wp-block-column is-layout-flow wp-block-column-is-layout-flow\"><\/div>\n<\/div>\n","protected":false},"excerpt":{"rendered":"<p>Ofrenda al R\u00edo T\u00faria cada 5 a\u00f1os &#8211; de Inter\u00e9s Tur\u00edstico Provincial Cada cinco a\u00f1os Riba-roja del T\u00faria rinde homenaje al r\u00edo que le da nombre. Tres Comunidades Aut\u00f3nomas participan en este<a class=\"moretag\" href=\"https:\/\/www.turismocampdeturia.es\/turis\/riba-roja\/camps-plantilla-2\/ofrenda-rio-turia\/\">Leer m\u00e1s&#8230;<\/a><\/p>\n","protected":false},"author":1,"featured_media":0,"parent":4639,"menu_order":16,"comment_status":"closed","ping_status":"closed","template":"","meta":{"footnotes":""},"class_list":["post-4697","page","type-page","status-publish","hentry"],"_links":{"self":[{"href":"https:\/\/www.turismocampdeturia.es\/turis\/wp-json\/wp\/v2\/pages\/4697","targetHints":{"allow":["GET"]}}],"collection":[{"href":"https:\/\/www.turismocampdeturia.es\/turis\/wp-json\/wp\/v2\/pages"}],"about":[{"href":"https:\/\/www.turismocampdeturia.es\/turis\/wp-json\/wp\/v2\/types\/page"}],"author":[{"embeddable":true,"href":"https:\/\/www.turismocampdeturia.es\/turis\/wp-json\/wp\/v2\/users\/1"}],"replies":[{"embeddable":true,"href":"https:\/\/www.turismocampdeturia.es\/turis\/wp-json\/wp\/v2\/comments?post=4697"}],"version-history":[{"count":4,"href":"https:\/\/www.turismocampdeturia.es\/turis\/wp-json\/wp\/v2\/pages\/4697\/revisions"}],"predecessor-version":[{"id":6808,"href":"https:\/\/www.turismocampdeturia.es\/turis\/wp-json\/wp\/v2\/pages\/4697\/revisions\/6808"}],"up":[{"embeddable":true,"href":"https:\/\/www.turismocampdeturia.es\/turis\/wp-json\/wp\/v2\/pages\/4639"}],"wp:attachment":[{"href":"https:\/\/www.turismocampdeturia.es\/turis\/wp-json\/wp\/v2\/media?parent=4697"}],"curies":[{"name":"wp","href":"https:\/\/api.w.org\/{rel}","templated":true}]}}